{"id":606,"date":"2023-10-11T05:58:17","date_gmt":"2023-10-11T05:58:17","guid":{"rendered":"https:\/\/cbr.grad.hr\/?page_id=606"},"modified":"2023-10-31T10:07:53","modified_gmt":"2023-10-31T10:07:53","slug":"radionica-sanacije-obalnih-brownfield-podrucja-slucaj-dugi-rat","status":"publish","type":"page","link":"https:\/\/cbr.grad.hr\/hr\/radionica-sanacije-obalnih-brownfield-podrucja-slucaj-dugi-rat\/","title":{"rendered":"Radionica sanacije obalnih brownfield podru\u010dja &#8211; slu\u010daj Dugi Rat"},"content":{"rendered":"<p>Radionica pod naslovom &#8220;COASTAL BROWNFIELD REMEDIATION&#8221; prenjeti \u0107e znanje i iskustvo kolega iz Norve\u0161ke na primjeru sanacije biv\u0161e \u017eeljezare u Notoddenu te predstaviti probleme vezane uz sanaciju biv\u0161e tvornice u Dugom Ratu. Nakon radionice slijedi <a href=\"https:\/\/cbr.grad.hr\/hr\/case-study-dugi-rat\/\" data-type=\"link\" data-id=\"https:\/\/cbr.grad.hr\/hr\/case-study-dugi-rat\/\">studentsko natjecanje<\/a>. <strong>Sudjelovanje na radionici je besplatno te uklju\u010duje i ru\u010dak<\/strong>.<\/p>\n\n\n\n<div class=\"wp-block-group is-vertical is-content-justification-center is-layout-flex wp-container-core-group-is-layout-ce155fab wp-block-group-is-layout-flex\">\n<p class=\"has-text-align-center\"><strong>Mjesto odr\u017eavanja radionice:<\/strong> Kino Dvorana Dugi Rat, <a href=\"https:\/\/grad.us17.list-manage.com\/track\/click?u=a7b29c3e7138315462b2cc7cc&amp;id=3a42f38e01&amp;e=06dd615725\">Polji\u010dka cesta 56<\/a><\/p>\n\n\n\n<p><strong>Vrijeme:<\/strong> 17.10. od 9 do 15 sati<\/p>\n\n\n\n<p><strong>Jezik radionice:<\/strong> Engleski<\/p>\n<\/div>\n\n\n\n<div class=\"wp-block-buttons is-content-justification-center is-layout-flex wp-container-core-buttons-is-layout-a89b3969 wp-block-buttons-is-layout-flex\">\n<div class=\"wp-block-button has-futura-bold-font-family\"><a class=\"wp-block-button__link has-white-color has-primary-background-color has-text-color has-background wp-element-button\" href=\"https:\/\/cbr.grad.hr\/hr\/galerija-radionica-dugi-rat\/\">Fotogalerija radionice<\/a><\/div>\n<\/div>\n\n\n\n<div style=\"height:20px\" aria-hidden=\"true\" class=\"wp-block-spacer\"><\/div>\n\n\n\n<p class=\"has-x-large-font-size\"><strong>Program radionice<\/strong><strong>:<\/strong> <\/p>\n\n\n\n<div class=\"wp-block-columns has-foreground-background-color has-background is-layout-flex wp-container-core-columns-is-layout-28f84493 wp-block-columns-is-layout-flex\">\n<div class=\"wp-block-column is-vertically-aligned-center is-layout-flow wp-block-column-is-layout-flow\" style=\"flex-basis:66.66%\">\n<h4 class=\"wp-block-heading has-text-align-center has-primary-color has-text-color has-futura-bold-font-family\" style=\"text-transform:uppercase\">Otvaranje radionice<\/h4>\n\n\n\n<h5 class=\"wp-block-heading has-text-align-center has-black-color has-text-color has-futura-bold-font-family\" style=\"text-transform:capitalize\">Ton\u010di Bauk, M. SC. CE.<\/h5>\n\n\n\n<h6 class=\"wp-block-heading has-text-align-center has-black-color has-text-color has-system-font-font-family has-small-font-size\" style=\"text-transform:capitalize\">Major of Dugi Rat, <\/h6>\n<\/div>\n\n\n\n<div class=\"wp-block-column is-layout-flow wp-block-column-is-layout-flow\" style=\"flex-basis:33.33%\">\n<figure class=\"wp-block-image size-medium\"><img decoding=\"async\" width=\"300\" height=\"206\" src=\"https:\/\/cbr.grad.hr\/wp-content\/uploads\/2023\/06\/PODLOGA-01_small-300x206.png\" alt=\"\" class=\"wp-image-203\" srcset=\"https:\/\/cbr.grad.hr\/wp-content\/uploads\/2023\/06\/PODLOGA-01_small-300x206.png 300w, https:\/\/cbr.grad.hr\/wp-content\/uploads\/2023\/06\/PODLOGA-01_small.png 700w\" sizes=\"(max-width: 300px) 100vw, 300px\" \/><\/figure>\n<\/div>\n<\/div>\n\n\n\n<div class=\"wp-block-group has-foreground-background-color has-background is-layout-flow wp-block-group-is-layout-flow\">\n<h4 class=\"wp-block-heading has-text-align-center has-primary-color has-text-color has-futura-bold-font-family\" style=\"text-transform:uppercase\">ABOUT THE PROJECT ECOSYSTEM-BASED STRATEGIES FOR REMEDIATION OF BROWNFIELD SITES (2023-2024)<\/h4>\n\n\n\n<figure class=\"wp-block-embed is-type-video is-provider-youtube wp-block-embed-youtube wp-embed-aspect-16-9 wp-has-aspect-ratio\"><div class=\"wp-block-embed__wrapper\">\n<iframe loading=\"lazy\" title=\"Opening Ceremony of the Coastal Brownfield Remediation Workshop\" width=\"500\" height=\"281\" src=\"https:\/\/www.youtube.com\/embed\/AyXmdxf41pQ?feature=oembed\" frameborder=\"0\" allow=\"accelerometer; autoplay; clipboard-write; encrypted-media; gyroscope; picture-in-picture; web-share\" referrerpolicy=\"strict-origin-when-cross-origin\" allowfullscreen><\/iframe>\n<\/div><\/figure>\n\n\n\n<div class=\"wp-block-columns has-foreground-background-color has-background is-layout-flex wp-container-core-columns-is-layout-28f84493 wp-block-columns-is-layout-flex\">\n<div class=\"wp-block-column is-vertically-aligned-center is-layout-flow wp-block-column-is-layout-flow\" style=\"flex-basis:40%\">\n<h5 class=\"wp-block-heading has-text-align-center has-black-color has-text-color has-futura-bold-font-family\" style=\"text-transform:capitalize\">Assoc. prof. Dalibor Carevi\u0107<\/h5>\n\n\n\n<h5 class=\"wp-block-heading has-text-align-center has-black-color has-text-color has-futura-bold-font-family\" style=\"text-transform:capitalize\">Assoc. prof. Marijana Serdar<\/h5>\n\n\n\n<h6 class=\"wp-block-heading has-text-align-center has-black-color has-text-color has-system-font-font-family has-small-font-size\" style=\"text-transform:capitalize\">Faculty of Civil Engineering, <\/h6>\n\n\n\n<h6 class=\"wp-block-heading has-text-align-center has-black-color has-text-color has-system-font-font-family has-small-font-size\" style=\"text-transform:capitalize\">University of Zagreb<\/h6>\n\n\n\n<h5 class=\"wp-block-heading has-text-align-center has-black-color has-text-color has-futura-bold-font-family\" style=\"text-transform:capitalize\">Prof. Lasse Berntzen<\/h5>\n\n\n\n<h6 class=\"wp-block-heading has-text-align-center has-black-color has-text-color has-system-font-font-family has-small-font-size\" style=\"text-transform:capitalize\">University of South-Eastern Norway<\/h6>\n<\/div>\n\n\n\n<div class=\"wp-block-column is-vertically-aligned-center is-content-justification-center is-layout-constrained wp-block-column-is-layout-constrained\" style=\"flex-basis:60%\">\n<p class=\"has-text-align-center has-black-color has-text-color\"> A short introduction about the project scope and motivation for submission. Some details about institutions involved and project activities.<\/p>\n<\/div>\n<\/div>\n<\/div>\n\n\n\n<div class=\"wp-block-group has-foreground-background-color has-background is-layout-flow wp-block-group-is-layout-flow\">\n<h4 class=\"wp-block-heading has-text-align-center has-primary-color has-text-color has-futura-bold-font-family\" style=\"text-transform:uppercase\">POLLUTED AREAS FROM THE PERSPECTIVE OF LOCAL ADMINISTRATION (NOTODDEN MUNICIPALITY)<\/h4>\n\n\n\n<figure class=\"wp-block-embed is-type-video is-provider-youtube wp-block-embed-youtube wp-embed-aspect-16-9 wp-has-aspect-ratio\"><div class=\"wp-block-embed__wrapper\">\n<iframe loading=\"lazy\" title=\"Janne Vaeringstad - Polluted Areas From the Perspective of Local Administration (Notodden, Norway)\" width=\"500\" height=\"281\" src=\"https:\/\/www.youtube.com\/embed\/nGlAeTbfqwY?feature=oembed\" frameborder=\"0\" allow=\"accelerometer; autoplay; clipboard-write; encrypted-media; gyroscope; picture-in-picture; web-share\" referrerpolicy=\"strict-origin-when-cross-origin\" allowfullscreen><\/iframe>\n<\/div><\/figure>\n\n\n\n<div class=\"wp-block-columns has-foreground-background-color has-background is-layout-flex wp-container-core-columns-is-layout-28f84493 wp-block-columns-is-layout-flex\">\n<div class=\"wp-block-column is-vertically-aligned-center is-layout-flow wp-block-column-is-layout-flow\" style=\"flex-basis:40%\">\n<h5 class=\"wp-block-heading has-text-align-center has-black-color has-text-color has-futura-bold-font-family\" style=\"text-transform:capitalize\">Olav Berget, M. SC. CE.<\/h5>\n\n\n\n<h5 class=\"wp-block-heading has-text-align-center has-black-color has-text-color has-futura-bold-font-family\" style=\"text-transform:capitalize\">Janne Vaeringstad, M. SC.<\/h5>\n\n\n\n<h6 class=\"wp-block-heading has-text-align-center has-black-color has-text-color has-system-font-font-family has-small-font-size\" style=\"text-transform:capitalize\">Notodden Municipality<\/h6>\n<\/div>\n\n\n\n<div class=\"wp-block-column is-vertically-aligned-center is-content-justification-center is-layout-constrained wp-block-column-is-layout-constrained\" style=\"flex-basis:60%\">\n<p class=\"has-text-align-center has-black-color has-text-color\">Notodden Municipality history and coexistence with the ironworks Tinfos Jernverk. Description of pollution and its impact on society. Change of the owner of the polluted area and role of the municipality in this process and process of preparation of the land use plan.<\/p>\n<\/div>\n<\/div>\n<\/div>\n\n\n\n<div class=\"wp-block-group has-foreground-background-color has-background is-layout-flow wp-block-group-is-layout-flow\">\n<h4 class=\"wp-block-heading has-text-align-center has-primary-color has-text-color has-futura-bold-font-family\" style=\"text-transform:uppercase\">EXPERIENCES IN REMEDIATION OF THE FORMER IRONWORKS IN NOTODDEN (NORWAY)<\/h4>\n\n\n\n<figure class=\"wp-block-embed is-type-video is-provider-youtube wp-block-embed-youtube wp-embed-aspect-16-9 wp-has-aspect-ratio\" style=\"margin-top:0;margin-bottom:0\"><div class=\"wp-block-embed__wrapper\">\n<iframe loading=\"lazy\" title=\"Kajsa Onshuus - Experiences in Remediation of the Former Ironworks in Notodden (Norway)\" width=\"500\" height=\"281\" src=\"https:\/\/www.youtube.com\/embed\/szOAjREq5KA?feature=oembed\" frameborder=\"0\" allow=\"accelerometer; autoplay; clipboard-write; encrypted-media; gyroscope; picture-in-picture; web-share\" referrerpolicy=\"strict-origin-when-cross-origin\" allowfullscreen><\/iframe>\n<\/div><\/figure>\n\n\n\n<div class=\"wp-block-columns has-foreground-background-color has-background is-layout-flex wp-container-core-columns-is-layout-28f84493 wp-block-columns-is-layout-flex\">\n<div class=\"wp-block-column is-vertically-aligned-center is-layout-flow wp-block-column-is-layout-flow\" style=\"flex-basis:40%\">\n<h5 class=\"wp-block-heading has-text-align-center has-black-color has-text-color has-futura-bold-font-family\" style=\"text-transform:capitalize\">Kajsa Onshuus, M. SC. ES.<\/h5>\n\n\n\n<h6 class=\"wp-block-heading has-text-align-center has-black-color has-text-color has-system-font-font-family has-small-font-size\" style=\"text-transform:capitalize\">GrunnTeknikk AS, Norway<\/h6>\n<\/div>\n\n\n\n<div class=\"wp-block-column is-vertically-aligned-center is-content-justification-center is-layout-constrained wp-block-column-is-layout-constrained\" style=\"flex-basis:60%\">\n<p class=\"has-text-align-center has-black-color has-text-color\">National framework for remediation of brownfield sites in Norway. Methodology of sampling contaminated soil and categorization according to the level of contamination in the case of the former ironworks in Notodden. Description of the buildings constructed on the remediated site and plans for the future.<\/p>\n<\/div>\n<\/div>\n<\/div>\n\n\n\n<div class=\"wp-block-group has-foreground-background-color has-background is-layout-flow wp-block-group-is-layout-flow\">\n<h4 class=\"wp-block-heading has-text-align-center has-primary-color has-text-color has-futura-bold-font-family\" style=\"text-transform:uppercase\">SUSTAINABLE MANAGEMENT OF INDUSTRIAL WASTE<\/h4>\n\n\n\n<figure class=\"wp-block-embed is-type-video is-provider-youtube wp-block-embed-youtube wp-embed-aspect-16-9 wp-has-aspect-ratio\"><div class=\"wp-block-embed__wrapper\">\n<iframe loading=\"lazy\" title=\"Ivana Carevi\u0107 - Sustainable Management of Industrial Waste\" width=\"500\" height=\"281\" src=\"https:\/\/www.youtube.com\/embed\/3pn2TVZUMXk?feature=oembed\" frameborder=\"0\" allow=\"accelerometer; autoplay; clipboard-write; encrypted-media; gyroscope; picture-in-picture; web-share\" referrerpolicy=\"strict-origin-when-cross-origin\" allowfullscreen><\/iframe>\n<\/div><\/figure>\n\n\n\n<div class=\"wp-block-columns has-foreground-background-color has-background is-layout-flex wp-container-core-columns-is-layout-28f84493 wp-block-columns-is-layout-flex\">\n<div class=\"wp-block-column is-vertically-aligned-center is-layout-flow wp-block-column-is-layout-flow\" style=\"flex-basis:40%\">\n<h5 class=\"wp-block-heading has-text-align-center has-black-color has-text-color has-futura-bold-font-family\" style=\"text-transform:capitalize\">Ivana Carevi\u0107, PhD<\/h5>\n\n\n\n<h6 class=\"wp-block-heading has-text-align-center has-black-color has-text-color has-system-font-font-family has-small-font-size\" style=\"text-transform:capitalize\">Faculty of Civil Engineering, <\/h6>\n\n\n\n<h6 class=\"wp-block-heading has-text-align-center has-black-color has-text-color has-system-font-font-family has-small-font-size\" style=\"text-transform:capitalize\">University of Zagreb<\/h6>\n<\/div>\n\n\n\n<div class=\"wp-block-column is-vertically-aligned-center is-content-justification-center is-layout-constrained wp-block-column-is-layout-constrained\" style=\"flex-basis:60%\">\n<p class=\"has-text-align-center has-black-color has-text-color\"> Framework for sustainable waste management. Waste categorization and waste landfill requirements. Waste as a potential secondary resource \u2013 technical and health aspects. Overview of previous studies on contamination levels in industrial waste landfilled in Dugi Rat.<\/p>\n<\/div>\n<\/div>\n<\/div>\n\n\n\n<div class=\"wp-block-group has-foreground-background-color has-background is-layout-flow wp-block-group-is-layout-flow\">\n<h4 class=\"wp-block-heading has-text-align-center has-primary-color has-text-color has-futura-bold-font-family\" style=\"text-transform:uppercase\">HOW GEOLOGY AND POLLUTION ARE RELATED IN THE CASE OF DUGI RAT FERROALLOY FACTORY<\/h4>\n\n\n\n<figure class=\"wp-block-embed is-type-video is-provider-youtube wp-block-embed-youtube wp-embed-aspect-16-9 wp-has-aspect-ratio\"><div class=\"wp-block-embed__wrapper\">\n<iframe loading=\"lazy\" title=\"Krisitina Pikelj - How Geology and Pollution Are Related in the Case of Dugi Rat Ferroalloy Factory\" width=\"500\" height=\"281\" src=\"https:\/\/www.youtube.com\/embed\/eal399mq9kM?feature=oembed\" frameborder=\"0\" allow=\"accelerometer; autoplay; clipboard-write; encrypted-media; gyroscope; picture-in-picture; web-share\" referrerpolicy=\"strict-origin-when-cross-origin\" allowfullscreen><\/iframe>\n<\/div><\/figure>\n\n\n\n<div class=\"wp-block-columns has-foreground-background-color has-background is-layout-flex wp-container-core-columns-is-layout-28f84493 wp-block-columns-is-layout-flex\">\n<div class=\"wp-block-column is-vertically-aligned-center is-layout-flow wp-block-column-is-layout-flow\" style=\"flex-basis:40%\">\n<h5 class=\"wp-block-heading has-text-align-center has-black-color has-text-color has-futura-bold-font-family\" style=\"text-transform:capitalize\">Assoc. prof. Kristina Pikelj<\/h5>\n\n\n\n<h6 class=\"wp-block-heading has-text-align-center has-black-color has-text-color has-system-font-font-family has-small-font-size\" style=\"text-transform:capitalize\">Faculty of Science, University of Zagreb<\/h6>\n<\/div>\n\n\n\n<div class=\"wp-block-column is-vertically-aligned-center is-content-justification-center is-layout-constrained wp-block-column-is-layout-constrained\" style=\"flex-basis:60%\">\n<p class=\"has-text-align-center has-black-color has-text-color\">Lithology and geomorphology of the Dugi Rat area determine surface and groundwater circulation as well as marine sediment input. Both, coastal lithology and marine sediments determine the fate of industrial wastes and their impact on the environment.<\/p>\n<\/div>\n<\/div>\n<\/div>\n\n\n\n<div class=\"wp-block-group has-foreground-background-color has-background is-layout-flow wp-block-group-is-layout-flow\">\n<h4 class=\"wp-block-heading has-text-align-center has-primary-color has-text-color has-futura-bold-font-family\" style=\"text-transform:uppercase\">LEGAL FRAMEWORK FOR SOLVING POLLUTION PROBLEMS IN THE FORMER FERROALLOY FACTORY IN DUGI RAT<\/h4>\n\n\n\n<figure class=\"wp-block-embed is-type-video is-provider-youtube wp-block-embed-youtube wp-embed-aspect-16-9 wp-has-aspect-ratio\"><div class=\"wp-block-embed__wrapper\">\n<iframe loading=\"lazy\" title=\"Hajdi Biuk - Legal Framework for Solving Pollution in the Former Ferroalloy Factory in Dugi Rat\" width=\"500\" height=\"281\" src=\"https:\/\/www.youtube.com\/embed\/Zq7ST6ilFDU?feature=oembed\" frameborder=\"0\" allow=\"accelerometer; autoplay; clipboard-write; encrypted-media; gyroscope; picture-in-picture; web-share\" referrerpolicy=\"strict-origin-when-cross-origin\" allowfullscreen><\/iframe>\n<\/div><\/figure>\n\n\n\n<div class=\"wp-block-columns has-foreground-background-color has-background is-layout-flex wp-container-core-columns-is-layout-28f84493 wp-block-columns-is-layout-flex\">\n<div class=\"wp-block-column is-vertically-aligned-center is-layout-flow wp-block-column-is-layout-flow\" style=\"flex-basis:40%\">\n<h5 class=\"wp-block-heading has-text-align-center has-black-color has-text-color has-futura-bold-font-family\" style=\"text-transform:capitalize\">Hajdi Biuk, LL.M<\/h5>\n\n\n\n<h6 class=\"wp-block-heading has-text-align-center has-black-color has-text-color has-system-font-font-family has-small-font-size\" style=\"text-transform:capitalize\">Sunce Association for Nature, Environment and Sustainable Development<\/h6>\n<\/div>\n\n\n\n<div class=\"wp-block-column is-vertically-aligned-center is-content-justification-center is-layout-constrained wp-block-column-is-layout-constrained\" style=\"flex-basis:60%\">\n<p class=\"has-text-align-center has-black-color has-text-color\">The polluted area in Dugi Rat is subject to environmental remediation regulations. The presentation will provide an overview of the legal aspects of remediation, the challenges of implementation, and the status of the remediation process.<\/p>\n<\/div>\n<\/div>\n<\/div>\n\n\n\n<div class=\"wp-block-columns has-foreground-background-color has-background is-layout-flex wp-container-core-columns-is-layout-28f84493 wp-block-columns-is-layout-flex\">\n<div class=\"wp-block-column is-vertically-aligned-center is-layout-flow wp-block-column-is-layout-flow\" style=\"flex-basis:1000%\">\n<h4 class=\"wp-block-heading has-text-align-center has-primary-color has-text-color has-futura-bold-font-family\" style=\"text-transform:uppercase\">INTRODUCTION AND INSTRUCTIONS FOR STUDENT\u2019S HACKATHON<\/h4>\n\n\n\n<h5 class=\"wp-block-heading has-text-align-center has-black-color has-text-color has-futura-bold-font-family\" style=\"text-transform:capitalize\">Ana Be\u0161ker, mag.soc.<\/h5>\n\n\n\n<h5 class=\"wp-block-heading has-text-align-center has-black-color has-text-color has-futura-bold-font-family\" style=\"text-transform:capitalize\">Ivana Carevi\u0107, PhD<\/h5>\n\n\n\n<h6 class=\"wp-block-heading has-text-align-center has-black-color has-text-color has-system-font-font-family has-small-font-size\" style=\"text-transform:capitalize\">Faculty of Civil Engineering, University of Zagreb<\/h6>\n<\/div>\n<\/div>","protected":false},"excerpt":{"rendered":"<p>Radionica pod naslovom &#8220;COASTAL BROWNFIELD REMEDIATION&#8221; prenjeti \u0107e znanje i iskustvo kolega iz Norve\u0161ke na primjeru sanacije biv\u0161e \u017eeljezare u Notoddenu te predstaviti probleme vezane uz sanaciju biv\u0161e tvornice u Dugom Ratu. Nakon radionice slijedi studentsko natjecanje. Sudjelovanje na radionici je besplatno te uklju\u010duje i ru\u010dak. Mjesto odr\u017eavanja radionice: Kino Dvorana Dugi Rat, Polji\u010dka cesta [&hellip;]<\/p>","protected":false},"author":1,"featured_media":0,"parent":0,"menu_order":0,"comment_status":"closed","ping_status":"closed","template":"","meta":{"footnotes":""},"class_list":["post-606","page","type-page","status-publish","hentry"],"_links":{"self":[{"href":"https:\/\/cbr.grad.hr\/hr\/wp-json\/wp\/v2\/pages\/606","targetHints":{"allow":["GET"]}}],"collection":[{"href":"https:\/\/cbr.grad.hr\/hr\/wp-json\/wp\/v2\/pages"}],"about":[{"href":"https:\/\/cbr.grad.hr\/hr\/wp-json\/wp\/v2\/types\/page"}],"author":[{"embeddable":true,"href":"https:\/\/cbr.grad.hr\/hr\/wp-json\/wp\/v2\/users\/1"}],"replies":[{"embeddable":true,"href":"https:\/\/cbr.grad.hr\/hr\/wp-json\/wp\/v2\/comments?post=606"}],"version-history":[{"count":17,"href":"https:\/\/cbr.grad.hr\/hr\/wp-json\/wp\/v2\/pages\/606\/revisions"}],"predecessor-version":[{"id":821,"href":"https:\/\/cbr.grad.hr\/hr\/wp-json\/wp\/v2\/pages\/606\/revisions\/821"}],"wp:attachment":[{"href":"https:\/\/cbr.grad.hr\/hr\/wp-json\/wp\/v2\/media?parent=606"}],"curies":[{"name":"wp","href":"https:\/\/api.w.org\/{rel}","templated":true}]}}